{"id":2,"date":"2020-02-21T17:12:15","date_gmt":"2020-02-21T16:12:15","guid":{"rendered":"http:\/\/tzzetjt.cluster026.hosting.ovh.net\/?page_id=2"},"modified":"2026-03-24T09:55:41","modified_gmt":"2026-03-24T08:55:41","slug":"page-d-exemple","status":"publish","type":"page","link":"https:\/\/www.retraitesportivesaves.fr\/index.php\/page-d-exemple\/","title":{"rendered":"Activit\u00e9s"},"content":{"rendered":"<p><img loading=\"lazy\" decoding=\"async\" class=\"wp-image-26563 aligncenter\" src=\"https:\/\/www.retraitesportivesaves.fr\/wp-content\/uploads\/2020\/03\/image-sport-300x116.jpg\" alt=\"\" width=\"589\" height=\"228\" srcset=\"https:\/\/www.retraitesportivesaves.fr\/wp-content\/uploads\/2020\/03\/image-sport-300x116.jpg 300w, https:\/\/www.retraitesportivesaves.fr\/wp-content\/uploads\/2020\/03\/image-sport.jpg 620w\" sizes=\"(max-width: 589px) 100vw, 589px\" \/><\/p>\n\n\n<p class=\"has-text-align-center has-very-dark-gray-color has-text-color has-background\" style=\"background-color:#f4eef9;font-size:22px\"><strong>1&nbsp;COTISATION =&nbsp;1&nbsp;LICENCE =&nbsp;16&nbsp;ACTIVIT\u00c9S<\/strong><\/p>\n\n\n\n<p class=\"has-text-align-center has-vivid-purple-color has-text-color\">\u2666\u2666\u2666\u2666\u2666\u2666\u2666\u2666\u2666\u2666<\/p>\n\n\n\n<p class=\"has-vivid-purple-color has-very-light-gray-background-color has-text-color has-background has-medium-font-size\"><strong>Le label \u00ab\u00a0Sport Senior&nbsp;Sant\u00e9\u00ae\u00a0\u00bb a \u00e9t\u00e9 cr\u00e9\u00e9, initi\u00e9 et d\u00e9pos\u00e9 par la FFRS en 2008. <\/strong><br><strong>L&rsquo;application de son concept,&nbsp;devenu&nbsp;une r\u00e9f\u00e9rence dans le domaine m\u00e9dical du maintien en forme, repose notamment sur la <em>pratique hebdomadaire de plusieurs activit\u00e9s compl\u00e9mentaires<\/em><\/strong>&nbsp;<strong>permettant de d\u00e9velopper des capacit\u00e9s cardio-respiratoire, de coordination, d\u2019\u00e9quilibre, de souplesse, musculaires, de coop\u00e9ration, d\u2019adresse et de m\u00e9morisation. <\/strong><br><strong>Le CRSS vous offre un panel de disciplines pour vous permettre de faire un choix judicieux en combinant au moins&nbsp;trois activit\u00e9s compl\u00e9mentaires. <\/strong><br><strong><em>Par&nbsp;exemple : Yoga,&nbsp;randonn\u00e9e et country \/\/&nbsp;Marche nordique, danse, swin golf&nbsp;\/\/ une activit\u00e9 en salle, une activit\u00e9 de m\u00e9morisation, une activit\u00e9 de plein air.<\/em><\/strong><\/p>\n\n\n\n<p class=\"has-text-align-center has-vivid-purple-color has-text-color\">\u2666\u2666\u2666\u2666\u2666\u2666\u2666\u2666\u2666\u2666<\/p>\n\n\n\n<p>Pour les pratiquants du yoga, un suppl\u00e9ment sera demand\u00e9<em>.&nbsp;<\/em><br>Hormis le yoga et la randonn\u00e9e montagne, les activit\u00e9s sont interrompues durant les vacances scolaires de la zone C.<\/p>\n\n\n\n<p>En cas de conditions m\u00e9t\u00e9o d\u00e9favorables, les&nbsp;s\u00e9ances des activit\u00e9s de plein air <strong>peuvent \u00eatre&nbsp;annul\u00e9es.<\/strong>&nbsp;Il faut regarder dans le flash info \u00ab\u00a0derni\u00e8re minute\u00a0\u00bb pour le savoir avant de partir de chez vous.<\/p>\n\n\n\n<p>Le covoiturage n&rsquo;est pas organis\u00e9 par le club et s&rsquo;effectue sous l&rsquo;enti\u00e8re responsabilit\u00e9 civile et p\u00e9nale des adh\u00e9rents.  L&rsquo;assurance incluse dans la licence ne couvre pas le covoiturage, c&rsquo;est l&rsquo;assurance du conducteur qui couvre ses  passagers. Le conducteur doit \u00eatre en r\u00e8gle (Assurance, Points, alcool,..) .  Les assurances FFRS ne couvrent que la partie p\u00e9destre des randonn\u00e9es plaine et montagne.  <\/p>\n\n\n\n<p class=\"has-text-align-center has-vivid-purple-color has-text-color\"> \u2666\u2666\u2666\u2666\u2666\u2666\u2666\u2666\u2666\u2666 <\/p>\n\n\n\n<h3 class=\"wp-block-heading has-vivid-purple-color has-text-color\">Nos 16 activit\u00e9s \/ saison 2025-2026<\/h3>\n\n\n\n<p class=\"has-background\" style=\"background-color:#d8efb8\"><strong>CONSIGNES G\u00c9N\u00c9RALES de PR\u00c9VENTION COVID<\/strong><br>Le pass vaccinal n&rsquo;est plus obligatoire pour participer aux activit\u00e9s en salle. Le port du masque n&rsquo;est plus n\u00e9cessaire. N\u00e9anmoins, dans les situations de promiscuit\u00e9, il reste recommand\u00e9. A chacun de s&rsquo;adapter selon ses convictions.  <br>Continuer de respecter les gestes barri\u00e8res fait partie des pr\u00e9cautions \u00e9l\u00e9mentaires..<br><strong>Si vous avez des sympt\u00f4mes ou des suspicions de contacts, portez le masque ou ne venez pas<\/strong>. <\/p>\n\n\n<p style=\"text-align: center;\"><span style=\"font-size: 18pt;\"><strong data-rich-text-format-boundary=\"true\"><span style=\"color: #800080;\">Planning hebdomadaire de nos activit\u00e9s 2025-2026<br \/><a href=\"https:\/\/www.retraitesportivesaves.fr\/wp-content\/uploads\/2026\/02\/Flyer-saison-2025_2026-1.pdf\" target=\"_blank\" rel=\"noopener\">Flyer CRSS 2025-2026<\/a><\/span><\/strong><\/span><\/p>\n\n\n<div class=\"wp-block-columns is-layout-flex wp-container-core-columns-is-layout-1 wp-block-columns-is-layout-flex\">\n<div class=\"wp-block-column is-layout-flow wp-block-column-is-layout-flow\"><div class=\"wp-block-image is-style-circle-mask\">\n<figure class=\"aligncenter size-large\"><a href=\"https:\/\/www.retraitesportivesaves.fr\/index.php\/marche-nordique\/\"><img loading=\"lazy\" decoding=\"async\" width=\"400\" height=\"225\" src=\"https:\/\/www.retraitesportivesaves.fr\/wp-content\/uploads\/2020\/02\/MNGROUPE-1.jpg\" alt=\"\" class=\"wp-image-25734\" srcset=\"https:\/\/www.retraitesportivesaves.fr\/wp-content\/uploads\/2020\/02\/MNGROUPE-1.jpg 400w, https:\/\/www.retraitesportivesaves.fr\/wp-content\/uploads\/2020\/02\/MNGROUPE-1-300x169.jpg 300w\" sizes=\"(max-width: 400px) 100vw, 400px\" \/><\/a><figcaption class=\"wp-element-caption\"><strong>MARCHE NORDIQUE<\/strong><\/figcaption><\/figure><\/div><\/div>\n\n\n\n<div class=\"wp-block-column is-layout-flow wp-block-column-is-layout-flow\"><div class=\"wp-block-image is-style-circle-mask\">\n<figure class=\"aligncenter size-large\"><a href=\"https:\/\/www.retraitesportivesaves.fr\/index.php\/danses-en-ligne-et-de-loisirs\/\"><img loading=\"lazy\" decoding=\"async\" width=\"400\" height=\"225\" src=\"https:\/\/www.retraitesportivesaves.fr\/wp-content\/uploads\/2020\/02\/DANSE-1.jpg\" alt=\"\" class=\"wp-image-25737\" srcset=\"https:\/\/www.retraitesportivesaves.fr\/wp-content\/uploads\/2020\/02\/DANSE-1.jpg 400w, https:\/\/www.retraitesportivesaves.fr\/wp-content\/uploads\/2020\/02\/DANSE-1-300x169.jpg 300w\" sizes=\"(max-width: 400px) 100vw, 400px\" \/><\/a><figcaption class=\"wp-element-caption\"><strong>DANSES EN LIGNE<\/strong><\/figcaption><\/figure><\/div><\/div>\n\n\n\n<div class=\"wp-block-column is-layout-flow wp-block-column-is-layout-flow\"><div class=\"wp-block-image is-style-circle-mask\">\n<figure class=\"aligncenter size-large\"><a href=\"https:\/\/www.retraitesportivesaves.fr\/index.php\/randonnee-en-plaine\/\"><img loading=\"lazy\" decoding=\"async\" width=\"400\" height=\"225\" src=\"https:\/\/www.retraitesportivesaves.fr\/wp-content\/uploads\/2020\/02\/RANDO0919.jpg\" alt=\"\" class=\"wp-image-25732\" srcset=\"https:\/\/www.retraitesportivesaves.fr\/wp-content\/uploads\/2020\/02\/RANDO0919.jpg 400w, https:\/\/www.retraitesportivesaves.fr\/wp-content\/uploads\/2020\/02\/RANDO0919-300x169.jpg 300w\" sizes=\"(max-width: 400px) 100vw, 400px\" \/><\/a><figcaption class=\"wp-element-caption\"><strong>RANDONN\u00c9E EN PLAINE<\/strong><\/figcaption><\/figure><\/div><\/div>\n<\/div>\n\n\n\n<div class=\"wp-block-columns is-layout-flex wp-container-core-columns-is-layout-2 wp-block-columns-is-layout-flex\">\n<div class=\"wp-block-column is-layout-flow wp-block-column-is-layout-flow\"><div class=\"wp-block-image is-style-circle-mask\">\n<figure class=\"aligncenter size-large\"><a href=\"https:\/\/www.retraitesportivesaves.fr\/index.php\/randonnee-en-montagne\/\"><img loading=\"lazy\" decoding=\"async\" width=\"1024\" height=\"576\" src=\"https:\/\/www.retraitesportivesaves.fr\/wp-content\/uploads\/2023\/04\/20230405_114440-1024x576.jpg\" alt=\"\" class=\"wp-image-30060\" srcset=\"https:\/\/www.retraitesportivesaves.fr\/wp-content\/uploads\/2023\/04\/20230405_114440-1024x576.jpg 1024w, https:\/\/www.retraitesportivesaves.fr\/wp-content\/uploads\/2023\/04\/20230405_114440-300x169.jpg 300w, https:\/\/www.retraitesportivesaves.fr\/wp-content\/uploads\/2023\/04\/20230405_114440-768x432.jpg 768w, https:\/\/www.retraitesportivesaves.fr\/wp-content\/uploads\/2023\/04\/20230405_114440-1536x864.jpg 1536w, https:\/\/www.retraitesportivesaves.fr\/wp-content\/uploads\/2023\/04\/20230405_114440-2048x1152.jpg 2048w\" sizes=\"(max-width: 1024px) 100vw, 1024px\" \/><\/a><figcaption class=\"wp-element-caption\"> <strong>RANDONN\u00c9E<\/strong> <strong> MONTAGNE<\/strong><\/figcaption><\/figure><\/div><\/div>\n\n\n\n<div class=\"wp-block-column is-layout-flow wp-block-column-is-layout-flow\"><div class=\"wp-block-image is-style-circle-mask\">\n<figure class=\"aligncenter size-thumbnail is-resized\"><a href=\"https:\/\/www.retraitesportivesaves.fr\/index.php\/country-3\/\"><img loading=\"lazy\" decoding=\"async\" width=\"150\" height=\"150\" src=\"https:\/\/www.retraitesportivesaves.fr\/wp-content\/uploads\/2023\/06\/IMG-20230610-WA0123-150x150.jpg\" alt=\"\" class=\"wp-image-30379\" style=\"width:172px;height:auto\"\/><\/a><figcaption class=\"wp-element-caption\"><strong>COUNTRY<\/strong><\/figcaption><\/figure><\/div><\/div>\n\n\n\n<div class=\"wp-block-column is-layout-flow wp-block-column-is-layout-flow\"><div class=\"wp-block-image is-style-circle-mask\">\n<figure class=\"aligncenter size-large\"><a href=\"https:\/\/www.retraitesportivesaves.fr\/index.php\/yoga-3\/\"><img loading=\"lazy\" decoding=\"async\" width=\"400\" height=\"225\" src=\"https:\/\/www.retraitesportivesaves.fr\/wp-content\/uploads\/2020\/02\/YOGA-1.jpg\" alt=\"\" class=\"wp-image-25714\" srcset=\"https:\/\/www.retraitesportivesaves.fr\/wp-content\/uploads\/2020\/02\/YOGA-1.jpg 400w, https:\/\/www.retraitesportivesaves.fr\/wp-content\/uploads\/2020\/02\/YOGA-1-300x169.jpg 300w\" sizes=\"(max-width: 400px) 100vw, 400px\" \/><\/a><figcaption class=\"wp-element-caption\"><strong>YOGA<\/strong><\/figcaption><\/figure><\/div>\n\n\n<p><\/p>\n<\/div>\n<\/div>\n\n\n<div class=\"wp-block-image is-style-circle-mask\">\n<figure class=\"aligncenter size-medium\"><a href=\"https:\/\/www.retraitesportivesaves.fr\/index.php\/activmemoire\/\" target=\"_blank\" rel=\"noreferrer noopener\"><img loading=\"lazy\" decoding=\"async\" width=\"300\" height=\"187\" src=\"https:\/\/www.retraitesportivesaves.fr\/wp-content\/uploads\/2025\/01\/Activmemoirr-300x187.jpg\" alt=\"\" class=\"wp-image-32238\" srcset=\"https:\/\/www.retraitesportivesaves.fr\/wp-content\/uploads\/2025\/01\/Activmemoirr-300x187.jpg 300w, https:\/\/www.retraitesportivesaves.fr\/wp-content\/uploads\/2025\/01\/Activmemoirr.jpg 653w\" sizes=\"(max-width: 300px) 100vw, 300px\" \/><\/a><figcaption class=\"wp-element-caption\"><strong>ACTIV&rsquo;M\u00c9MOIRE<\/strong><\/figcaption><\/figure><\/div>\n\n\n<div class=\"wp-block-columns alignwide is-layout-flex wp-container-core-columns-is-layout-3 wp-block-columns-is-layout-flex\">\n<div class=\"wp-block-column is-vertically-aligned-center is-layout-flow wp-block-column-is-layout-flow\"><div class=\"wp-block-image is-style-circle-mask\">\n<figure class=\"aligncenter size-medium is-resized\"><a href=\"https:\/\/www.retraitesportivesaves.fr\/index.php\/informatique\/\"><img loading=\"lazy\" decoding=\"async\" width=\"300\" height=\"169\" src=\"https:\/\/www.retraitesportivesaves.fr\/wp-content\/uploads\/2020\/02\/Informatique2019-1-300x169.jpg\" alt=\"\" class=\"wp-image-25733\" style=\"width:294px;height:auto\" srcset=\"https:\/\/www.retraitesportivesaves.fr\/wp-content\/uploads\/2020\/02\/Informatique2019-1-300x169.jpg 300w, https:\/\/www.retraitesportivesaves.fr\/wp-content\/uploads\/2020\/02\/Informatique2019-1.jpg 400w\" sizes=\"(max-width: 300px) 100vw, 300px\" \/><\/a><figcaption class=\"wp-element-caption\"><strong>ATELIER INFORMATIQUE<\/strong><\/figcaption><\/figure><\/div><\/div>\n\n\n\n<div class=\"wp-block-column is-vertically-aligned-center is-layout-flow wp-block-column-is-layout-flow\"><div class=\"wp-block-image is-style-circle-mask\">\n<figure class=\"aligncenter size-large\"><a href=\"https:\/\/www.retraitesportivesaves.fr\/index.php\/swin-golf-2\/\"><img loading=\"lazy\" decoding=\"async\" width=\"400\" height=\"225\" src=\"https:\/\/www.retraitesportivesaves.fr\/wp-content\/uploads\/2020\/02\/SWINGOLF-2.jpg\" alt=\"\" class=\"wp-image-25724\" srcset=\"https:\/\/www.retraitesportivesaves.fr\/wp-content\/uploads\/2020\/02\/SWINGOLF-2.jpg 400w, https:\/\/www.retraitesportivesaves.fr\/wp-content\/uploads\/2020\/02\/SWINGOLF-2-300x169.jpg 300w\" sizes=\"(max-width: 400px) 100vw, 400px\" \/><\/a><figcaption class=\"wp-element-caption\"><strong>SWIN GOLF<\/strong><\/figcaption><\/figure><\/div><\/div>\n\n\n\n<div class=\"wp-block-column is-vertically-aligned-stretch is-layout-flow wp-block-column-is-layout-flow\">\n<div class=\"wp-block-group alignfull\"><div class=\"wp-block-group__inner-container is-layout-constrained wp-block-group-is-layout-constrained\"><div class=\"wp-block-image is-style-circle-mask\">\n<figure class=\"aligncenter size-large is-resized\"><a href=\"https:\/\/www.retraitesportivesaves.fr\/index.php\/randonnee-douce\/\"><img loading=\"lazy\" decoding=\"async\" width=\"768\" height=\"1024\" src=\"https:\/\/www.retraitesportivesaves.fr\/wp-content\/uploads\/2023\/06\/IMG-20230608-WA0086-768x1024.jpg\" alt=\"\" class=\"wp-image-30253\" style=\"width:178px;height:auto\" srcset=\"https:\/\/www.retraitesportivesaves.fr\/wp-content\/uploads\/2023\/06\/IMG-20230608-WA0086-768x1024.jpg 768w, https:\/\/www.retraitesportivesaves.fr\/wp-content\/uploads\/2023\/06\/IMG-20230608-WA0086-225x300.jpg 225w, https:\/\/www.retraitesportivesaves.fr\/wp-content\/uploads\/2023\/06\/IMG-20230608-WA0086.jpg 1080w\" sizes=\"(max-width: 768px) 100vw, 768px\" \/><\/a><figcaption class=\"wp-element-caption\"><strong>RANDONN\u00c9E DOUCE<\/strong><\/figcaption><\/figure><\/div><\/div><\/div>\n<\/div>\n<\/div>\n\n\n\n<div class=\"wp-block-columns alignwide are-vertically-aligned-top is-layout-flex wp-container-core-columns-is-layout-4 wp-block-columns-is-layout-flex\">\n<div class=\"wp-block-column is-vertically-aligned-top is-layout-flow wp-block-column-is-layout-flow\" style=\"flex-basis:52%\"><div class=\"wp-block-image is-style-circle-mask\">\n<figure class=\"aligncenter size-large is-resized\"><a href=\"https:\/\/www.retraitesportivesaves.fr\/index.php\/gymnastique-2\/\" target=\"_blank\" rel=\"noreferrer noopener\"><img loading=\"lazy\" decoding=\"async\" width=\"1024\" height=\"461\" src=\"https:\/\/www.retraitesportivesaves.fr\/wp-content\/uploads\/2022\/07\/GYMNA-1024x461.jpg\" alt=\"\" class=\"wp-image-29246\" style=\"width:426px;height:auto\" srcset=\"https:\/\/www.retraitesportivesaves.fr\/wp-content\/uploads\/2022\/07\/GYMNA-1024x461.jpg 1024w, https:\/\/www.retraitesportivesaves.fr\/wp-content\/uploads\/2022\/07\/GYMNA-300x135.jpg 300w, https:\/\/www.retraitesportivesaves.fr\/wp-content\/uploads\/2022\/07\/GYMNA-768x346.jpg 768w, https:\/\/www.retraitesportivesaves.fr\/wp-content\/uploads\/2022\/07\/GYMNA-1536x691.jpg 1536w, https:\/\/www.retraitesportivesaves.fr\/wp-content\/uploads\/2022\/07\/GYMNA.jpg 1600w\" sizes=\"(max-width: 1024px) 100vw, 1024px\" \/><\/a><figcaption class=\"wp-element-caption\"><strong>GYMNASTIQUE<\/strong><\/figcaption><\/figure><\/div>\n\n\n<div class=\"wp-block-column is-vertically-aligned-top is-layout-flow wp-block-column-is-layout-flow\" style=\"flex-basis:59.67%\"><div class=\"wp-block-image is-style-circle-mask\">\n<figure class=\"aligncenter size-large is-resized\"><a href=\"https:\/\/www.retraitesportivesaves.fr\/index.php\/velo\/\"><img loading=\"lazy\" decoding=\"async\" width=\"1024\" height=\"682\" src=\"https:\/\/www.retraitesportivesaves.fr\/wp-content\/uploads\/2023\/08\/leisure-time-recreation-vacations-373859-1024x682.jpg\" alt=\"leisure time, recreation, vacations\" class=\"wp-image-30616\" style=\"width:272px;height:auto\" srcset=\"https:\/\/www.retraitesportivesaves.fr\/wp-content\/uploads\/2023\/08\/leisure-time-recreation-vacations-373859-1024x682.jpg 1024w, https:\/\/www.retraitesportivesaves.fr\/wp-content\/uploads\/2023\/08\/leisure-time-recreation-vacations-373859-300x200.jpg 300w, https:\/\/www.retraitesportivesaves.fr\/wp-content\/uploads\/2023\/08\/leisure-time-recreation-vacations-373859-768x512.jpg 768w, https:\/\/www.retraitesportivesaves.fr\/wp-content\/uploads\/2023\/08\/leisure-time-recreation-vacations-373859.jpg 1280w\" sizes=\"(max-width: 1024px) 100vw, 1024px\" \/><\/a><figcaption class=\"wp-element-caption\"><strong>ACTIVITES CYCLISTES<\/strong><\/figcaption><\/figure><\/div>\n\n<div class=\"wp-block-image is-style-circle-mask\">\n<figure class=\"aligncenter size-full is-resized\"><a class=\"\" href=\"https:\/\/www.retraitesportivesaves.fr\/index.php\/pickleball-2\/\" target=\"_blank\" rel=\"noreferrer noopener\"><img loading=\"lazy\" decoding=\"async\" width=\"413\" height=\"176\" src=\"https:\/\/www.retraitesportivesaves.fr\/wp-content\/uploads\/2024\/09\/pickleball-photos.png\" alt=\"\" class=\"wp-image-31666\" style=\"width:440px;height:auto\" srcset=\"https:\/\/www.retraitesportivesaves.fr\/wp-content\/uploads\/2024\/09\/pickleball-photos.png 413w, https:\/\/www.retraitesportivesaves.fr\/wp-content\/uploads\/2024\/09\/pickleball-photos-300x128.png 300w\" sizes=\"(max-width: 413px) 100vw, 413px\" \/><\/a><figcaption class=\"wp-element-caption\"><strong>PICKLEBALL<\/strong><\/figcaption><\/figure><\/div><\/div>\n<\/div>\n\n\n\n<div class=\"wp-block-column is-vertically-aligned-top is-layout-flow wp-block-column-is-layout-flow\" style=\"flex-basis:59.67%\"><div class=\"wp-block-image is-style-circle-mask\">\n<figure class=\"aligncenter size-medium is-resized\"><a href=\"https:\/\/www.retraitesportivesaves.fr\/index.php\/chorale-3\/\"><img loading=\"lazy\" decoding=\"async\" width=\"300\" height=\"169\" src=\"https:\/\/www.retraitesportivesaves.fr\/wp-content\/uploads\/2020\/02\/CHORALE-1-300x169.jpg\" alt=\"\" class=\"wp-image-25738\" style=\"width:342px;height:auto\" srcset=\"https:\/\/www.retraitesportivesaves.fr\/wp-content\/uploads\/2020\/02\/CHORALE-1-300x169.jpg 300w, https:\/\/www.retraitesportivesaves.fr\/wp-content\/uploads\/2020\/02\/CHORALE-1.jpg 400w\" sizes=\"(max-width: 300px) 100vw, 300px\" \/><\/a><figcaption class=\"wp-element-caption\"><strong>CHORALE<\/strong><\/figcaption><\/figure><\/div>\n\n<div class=\"wp-block-image is-style-circle-mask\">\n<figure class=\"aligncenter size-full is-resized\"><a href=\"https:\/\/www.retraitesportivesaves.fr\/index.php\/memoire-en-eveil\/\" target=\"_blank\" rel=\"noreferrer noopener\"><img loading=\"lazy\" decoding=\"async\" width=\"971\" height=\"845\" src=\"https:\/\/www.retraitesportivesaves.fr\/wp-content\/uploads\/2025\/06\/IMG_20250624_151459_edit_152746249560845.jpg\" alt=\"\" class=\"wp-image-32745\" style=\"width:219px;height:auto\" srcset=\"https:\/\/www.retraitesportivesaves.fr\/wp-content\/uploads\/2025\/06\/IMG_20250624_151459_edit_152746249560845.jpg 971w, https:\/\/www.retraitesportivesaves.fr\/wp-content\/uploads\/2025\/06\/IMG_20250624_151459_edit_152746249560845-300x261.jpg 300w, https:\/\/www.retraitesportivesaves.fr\/wp-content\/uploads\/2025\/06\/IMG_20250624_151459_edit_152746249560845-768x668.jpg 768w\" sizes=\"(max-width: 971px) 100vw, 971px\" \/><\/a><figcaption class=\"wp-element-caption\"><strong>M\u00c9MOIRE en \u00c9VEIL<\/strong><\/figcaption><\/figure><\/div>\n\n<div class=\"wp-block-image is-style-circle-mask\">\n<figure class=\"aligncenter size-full is-resized\"><a href=\"https:\/\/www.retraitesportivesaves.fr\/index.php\/danses-traditionnelles\/\" target=\"_blank\" rel=\"noreferrer noopener\"><img loading=\"lazy\" decoding=\"async\" width=\"2000\" height=\"924\" src=\"https:\/\/www.retraitesportivesaves.fr\/wp-content\/uploads\/2025\/06\/IMG-20250620-WA00131-1.jpg\" alt=\"\" class=\"wp-image-32717\" style=\"aspect-ratio:1.3333333333333333;object-fit:cover;width:247px;height:auto\" srcset=\"https:\/\/www.retraitesportivesaves.fr\/wp-content\/uploads\/2025\/06\/IMG-20250620-WA00131-1.jpg 2000w, https:\/\/www.retraitesportivesaves.fr\/wp-content\/uploads\/2025\/06\/IMG-20250620-WA00131-1-300x139.jpg 300w, https:\/\/www.retraitesportivesaves.fr\/wp-content\/uploads\/2025\/06\/IMG-20250620-WA00131-1-1024x473.jpg 1024w, https:\/\/www.retraitesportivesaves.fr\/wp-content\/uploads\/2025\/06\/IMG-20250620-WA00131-1-768x355.jpg 768w, https:\/\/www.retraitesportivesaves.fr\/wp-content\/uploads\/2025\/06\/IMG-20250620-WA00131-1-1536x710.jpg 1536w\" sizes=\"(max-width: 2000px) 100vw, 2000px\" \/><\/a><figcaption class=\"wp-element-caption\"><strong>DANSES TRADITIONNELLES<\/strong><\/figcaption><\/figure><\/div><\/div>\n\n\n\n<div class=\"wp-block-column is-vertically-aligned-top is-layout-flow wp-block-column-is-layout-flow\" style=\"flex-basis:-11.66%\"><\/div>\n<\/div>\n\n\n<h6 style=\"text-align: center;\">\u00a0<\/h6>\n<p style=\"text-align: center;\"><span style=\"color: #993366;\"> \u2666\u2666\u2666\u2666\u2666\u2666\u2666\u2666\u2666\u2666 <\/span><\/p>\n\n\n<div class=\"wp-block-columns is-layout-flex wp-container-core-columns-is-layout-5 wp-block-columns-is-layout-flex\">\n<div class=\"wp-block-column is-layout-flow wp-block-column-is-layout-flow\" style=\"flex-basis:36%\">\n<p class=\"has-text-align-right\"><img loading=\"lazy\" decoding=\"async\" width=\"200\" height=\"169\" class=\"wp-image-28830\" style=\"width: 200px;\" src=\"https:\/\/www.retraitesportivesaves.fr\/wp-content\/uploads\/2022\/03\/cinema.png\" alt=\"\"><\/p>\n<\/div>\n\n\n\n<div class=\"wp-block-column is-layout-flow wp-block-column-is-layout-flow\" style=\"flex-basis:64%\">\n<p><strong>CIN\u00c9MA :<\/strong> pour les adh\u00e9rents du club, au cin\u00e9ma de Samatan, le 1<sup>er<\/sup> mardi de chaque mois, \u00e0 14h30, s\u00e9ance \u00e0 <strong>5\u20ac<\/strong> sur pr\u00e9sentation de la licence. <br><br><\/p>\n\n\n\n<p><\/p>\n<\/div>\n<\/div>\n\n\n\n<p class=\"has-text-align-center has-vivid-purple-color has-text-color\"> \u2666\u2666\u2666\u2666\u2666\u2666\u2666\u2666\u2666\u2666 <\/p>\n\n\n\n<div class=\"wp-block-columns is-layout-flex wp-container-core-columns-is-layout-6 wp-block-columns-is-layout-flex\">\n<div class=\"wp-block-column is-layout-flow wp-block-column-is-layout-flow\" style=\"flex-basis:35%\">\n<p class=\"has-pale-cyan-blue-background-color has-background\"><strong>S\u00c9JOUR \/ SORTIE en cours ou \u00e0 venir<\/strong><\/p>\n<\/div>\n\n\n\n<div class=\"wp-block-column is-layout-flow wp-block-column-is-layout-flow\" style=\"flex-basis:65%\">\n<p>En g\u00e9n\u00e9ral, un s\u00e9jour d&rsquo;une semaine de marche et une \u00e0 deux sorties \u00e0 la journ\u00e9e sont organis\u00e9s par le club sur une saison.<\/p>\n\n\n\n<p><strong>A venir => <br>Le 24 juin 2026 visite de TERRA VINEA et \u00e9comus\u00e9e des salins de GRUISSAN<\/strong> <strong><a href=\"https:\/\/www.retraitesportivesaves.fr\/wp-content\/uploads\/2026\/03\/Programme-24-juin-2026-GruissanTerraVienea.pdf\" target=\"_blank\" rel=\"noreferrer noopener\">ICI<\/a><\/strong><br><strong>Du 21 au 26 septembre 2026 S\u00e9jour en Dr\u00f4me Proven\u00e7ale<\/strong> <a href=\"https:\/\/www.retraitesportivesaves.fr\/wp-content\/uploads\/2025\/12\/Description_sejour_Remuzat.pdf\" target=\"_blank\" rel=\"noreferrer noopener\"><strong>ICI<\/strong><\/a><\/p>\n<\/div>\n<\/div>\n","protected":false},"excerpt":{"rendered":"<p>1&nbsp;COTISATION =&nbsp;1&nbsp;LICENCE =&nbsp;16&nbsp;ACTIVIT\u00c9S \u2666\u2666\u2666\u2666\u2666\u2666\u2666\u2666\u2666\u2666 Le label \u00ab\u00a0Sport Senior&nbsp;Sant\u00e9\u00ae\u00a0\u00bb a \u00e9t\u00e9 cr\u00e9\u00e9, initi\u00e9 et d\u00e9pos\u00e9 par la FFRS en 2008. L&rsquo;application de son concept,&nbsp;devenu&nbsp;une r\u00e9f\u00e9rence dans le domaine m\u00e9dical du maintien en forme, repose notamment sur la pratique hebdomadaire de plusieurs activit\u00e9s compl\u00e9mentaires&nbsp;permettant de d\u00e9velopper des capacit\u00e9s cardio-respiratoire, de coordination, d\u2019\u00e9quilibre, de souplesse, musculaires, de coop\u00e9ration, &hellip;<\/p>\n<p class=\"read-more\"> <a class=\"\" href=\"https:\/\/www.retraitesportivesaves.fr\/index.php\/page-d-exemple\/\"> <span class=\"screen-reader-text\">Activit\u00e9s<\/span> Lire la suite\u00a0\u00bb<\/a><\/p>\n","protected":false},"author":1,"featured_media":0,"parent":0,"menu_order":0,"comment_status":"closed","ping_status":"open","template":"","meta":{"_monsterinsights_skip_tracking":false,"_monsterinsights_sitenote_active":false,"_monsterinsights_sitenote_note":"","_monsterinsights_sitenote_category":0,"footnotes":""},"uagb_featured_image_src":{"full":false,"thumbnail":false,"medium":false,"medium_large":false,"large":false,"1536x1536":false,"2048x2048":false},"uagb_author_info":{"display_name":"admin9078","author_link":"https:\/\/www.retraitesportivesaves.fr\/index.php\/author\/admin9078\/"},"uagb_comment_info":0,"uagb_excerpt":"1&nbsp;COTISATION =&nbsp;1&nbsp;LICENCE =&nbsp;16&nbsp;ACTIVIT\u00c9S \u2666\u2666\u2666\u2666\u2666\u2666\u2666\u2666\u2666\u2666 Le label \u00ab\u00a0Sport Senior&nbsp;Sant\u00e9\u00ae\u00a0\u00bb a \u00e9t\u00e9 cr\u00e9\u00e9, initi\u00e9 et d\u00e9pos\u00e9 par la FFRS en 2008. L&rsquo;application de son concept,&nbsp;devenu&nbsp;une r\u00e9f\u00e9rence dans le domaine m\u00e9dical du maintien en forme, repose notamment sur la pratique hebdomadaire de plusieurs activit\u00e9s compl\u00e9mentaires&nbsp;permettant de d\u00e9velopper des capacit\u00e9s cardio-respiratoire, de coordination, d\u2019\u00e9quilibre, de souplesse, musculaires, de coop\u00e9ration,\u2026","_links":{"self":[{"href":"https:\/\/www.retraitesportivesaves.fr\/index.php\/wp-json\/wp\/v2\/pages\/2"}],"collection":[{"href":"https:\/\/www.retraitesportivesaves.fr\/index.php\/wp-json\/wp\/v2\/pages"}],"about":[{"href":"https:\/\/www.retraitesportivesaves.fr\/index.php\/wp-json\/wp\/v2\/types\/page"}],"author":[{"embeddable":true,"href":"https:\/\/www.retraitesportivesaves.fr\/index.php\/wp-json\/wp\/v2\/users\/1"}],"replies":[{"embeddable":true,"href":"https:\/\/www.retraitesportivesaves.fr\/index.php\/wp-json\/wp\/v2\/comments?post=2"}],"version-history":[{"count":351,"href":"https:\/\/www.retraitesportivesaves.fr\/index.php\/wp-json\/wp\/v2\/pages\/2\/revisions"}],"predecessor-version":[{"id":33605,"href":"https:\/\/www.retraitesportivesaves.fr\/index.php\/wp-json\/wp\/v2\/pages\/2\/revisions\/33605"}],"wp:attachment":[{"href":"https:\/\/www.retraitesportivesaves.fr\/index.php\/wp-json\/wp\/v2\/media?parent=2"}],"curies":[{"name":"wp","href":"https:\/\/api.w.org\/{rel}","templated":true}]}}