{"id":25258,"date":"2018-12-18T05:52:48","date_gmt":"2018-12-18T05:52:48","guid":{"rendered":"http:\/\/harshad.sharkz.in\/?page_id=9"},"modified":"2026-04-24T13:48:22","modified_gmt":"2026-04-24T11:48:22","slug":"home","status":"publish","type":"page","link":"https:\/\/www.retraitesportivesaves.fr\/index.php\/home\/","title":{"rendered":"Flash infos"},"content":{"rendered":"\n<section class=\"wp-block-uagb-section uagb-section__wrap uagb-section__background-image uagb-block-7b4cb7d1\"><div class=\"uagb-section__overlay\"><\/div><div class=\"uagb-section__inner-wrap\">\n<div class=\"wp-block-columns has-2-columns is-layout-flex wp-container-core-columns-is-layout-1 wp-block-columns-is-layout-flex\">\n<div class=\"wp-block-column is-vertically-aligned-center is-layout-flow wp-block-column-is-layout-flow\" style=\"flex-basis:78%\">\n<p style=\"text-align: center;\"><span style=\"color: #ffffff; font-size: 12pt;\"><strong data-rich-text-format-boundary=\"true\">Consultez r\u00e9guli\u00e8rement cette page <\/strong><\/span><span style=\"color: #ffffff; font-size: 12pt;\"><strong data-rich-text-format-boundary=\"true\">susceptible<br \/>de vous annoncer des modifications de derni\u00e8re minute.<\/strong><\/span><\/p>\n\n\n\n<p class=\"has-text-align-center has-vivid-red-color has-text-color\"><\/p>\n<\/div>\n\n\n\n<div class=\"wp-block-column is-layout-flow wp-block-column-is-layout-flow\" style=\"flex-basis:21%\">\n<figure class=\"wp-block-image size-large\"><img loading=\"lazy\" decoding=\"async\" width=\"373\" height=\"285\" src=\"https:\/\/www.retraitesportivesaves.fr\/wp-content\/uploads\/2020\/03\/flash.png\" alt=\"\" class=\"wp-image-26673\" srcset=\"https:\/\/www.retraitesportivesaves.fr\/wp-content\/uploads\/2020\/03\/flash.png 373w, https:\/\/www.retraitesportivesaves.fr\/wp-content\/uploads\/2020\/03\/flash-300x229.png 300w\" sizes=\"(max-width: 373px) 100vw, 373px\" \/><\/figure>\n<\/div>\n<\/div>\n<\/div><\/section>\n\n\n\n<figure class=\"wp-block-gallery aligncenter has-nested-images columns-default is-cropped wp-block-gallery-1 is-layout-flex wp-block-gallery-is-layout-flex\"><\/figure>\n\n\n\n<section class=\"wp-block-uagb-section uagb-section__wrap uagb-section__background-color alignwide uagb-block-57c18904\"><div class=\"uagb-section__overlay\"><\/div><div class=\"uagb-section__inner-wrap\">\n<section class=\"wp-block-uagb-section uagb-section__wrap uagb-section__background-undefined uagb-block-3e30008c\"><div class=\"uagb-section__overlay\"><\/div><div class=\"uagb-section__inner-wrap\">\n<p class=\"has-text-align-center has-black-color has-pale-pink-background-color has-text-color has-background has-link-color wp-elements-ac2783231896b50d7d4f351beb2694af\" style=\"font-size:16px\"><strong>Prochaine sortie du club <br> mercredi 24 juin 2026 \u00e0 Terra Vinea et \u00c9comus\u00e9e des salines de Gruissan<\/strong><br>Programme <strong> <\/strong><a href=\"https:\/\/www.retraitesportivesaves.fr\/wp-content\/uploads\/2026\/03\/Programme-24-juin-2026-GruissanTerraVienea.pdf\" data-type=\"attachment\" data-id=\"33526\" target=\"_blank\" rel=\"noreferrer noopener\"><strong>ICI<\/strong><\/a><br>Date limite d&rsquo;inscription le 4 mai avec un ch\u00e8que d&rsquo;acompte de 30\u20ac \u00e0 l\u2019ordre du CRSS<\/p>\n\n\n\n<p class=\"has-text-align-center has-black-color has-light-green-cyan-background-color has-text-color has-background has-link-color has-small-font-size wp-elements-46e4e65f7c54a1c40d3e9c0962dcd86c\"><strong>Assembl\u00e9e G\u00e9n\u00e9rale : elle est fix\u00e9e au 25\/06. R\u00e9servez la date dans votre agenda !<\/strong><\/p>\n\n\n\n<p class=\"has-text-align-center has-background has-small-font-size\" style=\"background-color:#ffcf4a\"><strong>CARTE D\u00c9COUVERTE<\/strong> : pour tout nouvel adh\u00e9rent, valable du 01\/04 au 30\/06 : <strong>18\u20ac<\/strong>. Permet de participer \u00e0 toutes les activit\u00e9s (hors yoga en sus), assurance incluse (plus d&rsquo;infos dans adh\u00e9sion).<\/p>\n\n\n\n<p class=\"has-text-align-center has-luminous-vivid-amber-color has-text-color has-background has-link-color has-small-font-size wp-elements-72eb8b2c2e1b70a54207941dca620c87\" id=\"https:\/\/www.ffrs-retraite-sportive.org\/Adherer-a-un-club-FFRS_a1350.html\" style=\"background-color:#1aa4f4\"><strong>Pour adh\u00e9rer ou renouveler votre adh\u00e9sion :<span style=\"text-decoration: underline;\">&nbsp;<a href=\"https:\/\/ffrs360-crm.my.site.com\/\" target=\"_blank\" rel=\"noreferrer noopener\"><em>https:\/\/ffrs360-crm.my.site.com<\/em><\/a><\/span><\/strong><br><strong>Aide <\/strong>pour adh\u00e9rer cliquer<strong> <\/strong><a href=\"https:\/\/www.ffrs-retraite-sportive.org\/Adherer-a-un-club-FFRS_a1350.html\" target=\"_blank\" rel=\"noreferrer noopener\"><strong>ICI<\/strong><\/a><\/p>\n\n\n\n<p><\/p>\n<\/div><\/section>\n\n\n\n<div class=\"wp-block-columns has-3-columns is-layout-flex wp-container-core-columns-is-layout-2 wp-block-columns-is-layout-flex\">\n<div class=\"wp-block-column is-layout-flow wp-block-column-is-layout-flow\" style=\"flex-basis:33.5%\">\n<section class=\"wp-block-uagb-section uagb-section__wrap uagb-section__background-color alignwide uagb-block-0f9d6796 bring-to-top\"><div class=\"uagb-section__overlay\"><\/div><div class=\"uagb-section__inner-wrap\">\n<figure class=\"wp-block-gallery aligncenter has-nested-images columns-default is-cropped wp-block-gallery-2 is-layout-flex wp-block-gallery-is-layout-flex\"><div class=\"wp-block-image is-style-default\">\n<figure class=\"aligncenter size-large\"><img loading=\"lazy\" decoding=\"async\" width=\"150\" height=\"155\" src=\"https:\/\/www.retraitesportivesaves.fr\/wp-content\/uploads\/2020\/03\/derniere-minute-1.gif\" alt=\"\" class=\"wp-image-26758\"\/><\/figure><\/div><\/figure>\n<\/div><\/section>\n\n\n\n<section class=\"wp-block-uagb-section uagb-section__wrap uagb-section__background-undefined uagb-block-09c953d6\"><div class=\"uagb-section__overlay\"><\/div><div class=\"uagb-section__inner-wrap\">\n<p class=\"has-text-align-center has-white-color has-vivid-cyan-blue-background-color has-text-color has-background has-link-color has-small-font-size wp-elements-14cd7e48021de0d48af7adb15cff28e7\"><strong>YOGA<\/strong> :<br>La s\u00e9ance du <strong> 5 mai<\/strong><br>aura lieu \u00e0 la salle de danse de l&rsquo;association SO&rsquo;ART<br>12 bis rue Albert Demi\u00e9 \u00e0 Samatan<br>(au-dessus du magasin de bricolage CHARLAS Materiaux )<\/p>\n\n\n\n<p class=\"has-white-color has-text-color has-link-color wp-elements-f9c17037426f7899806d61116bb0db5d\">MARCHE NORDIQUE : la s\u00e9ance du vendredi 13\/02 est ANNUL\u00c9E.<\/p>\n<\/div><\/section>\n<\/div>\n\n\n\n<div class=\"wp-block-column is-layout-flow wp-block-column-is-layout-flow\">\n<section class=\"wp-block-uagb-section uagb-section__wrap uagb-section__background-image uagb-block-d49f65c7 bring-to-top\"><div class=\"uagb-section__overlay\"><\/div><div class=\"uagb-section__inner-wrap\">\n<div class=\"wp-block-uagb-info-box uagb-infobox__outer-wrap uagb-block-aa5337f7\"><div class=\"uagb-infobox__content-wrap uagb-infobox uagb-infobox-has-image uagb-infobox-icon-above-title uagb-infobox-image-valign-top uagb-infobox-enable-border-radius \"><div class=\"uagb-ifb-left-right-wrap\"><div class=\"uagb-ifb-content\"><div class=\"uagb-ifb-title-wrap\"><h3 class=\"uagb-ifb-title\"><strong>RANDONN\u00c9E en PLAINE<\/strong><br><strong>et<\/strong><br><strong>RANDONN\u00c9E DOUCE<\/strong>&nbsp;<br><\/h3><\/div><div class=\"uagb-ifb-separator-parent\"><div class=\"uagb-ifb-separator\"><\/div><\/div><div class=\"uagb-ifb-text-wrap\"><p class=\"uagb-ifb-desc\"> Le planning :<br>(cf. <strong> <\/strong><a href=\"https:\/\/www.retraitesportivesaves.fr\/wp-content\/uploads\/2026\/04\/TRACT-RANDO-6-2026.pdf\" target=\"_blank\" rel=\"noreferrer noopener\"><strong><em>RANDONNEE_PEDESTRE<\/em><\/strong>)<\/a> <br>(cf. <a href=\"https:\/\/www.retraitesportivesaves.fr\/wp-content\/uploads\/2026\/02\/TRACT-RANDO-DOUCE-6-V3-2026.pdf\" target=\"_blank\" rel=\"noreferrer noopener\"><strong><em>RANDONNEE_DOUCE<\/em><\/strong>)<\/a><br>Mis \u00e0 jour au fil de l&rsquo;eau, consultez r\u00e9guli\u00e8rement le site et la page infos.<br><br><\/p><\/div><\/div><\/div><\/div><\/div>\n<\/div><\/section>\n\n\n\n<p><\/p>\n\n\n\n<section class=\"wp-block-uagb-section uagb-section__wrap uagb-section__background-image uagb-block-85114ab7 bring-to-top\"><div class=\"uagb-section__overlay\"><\/div><div class=\"uagb-section__inner-wrap\">\n<div class=\"wp-block-uagb-info-box uagb-infobox__outer-wrap uagb-block-ec86b963\"><div class=\"uagb-infobox__content-wrap uagb-infobox uagb-infobox-has-image uagb-infobox-icon-above-title uagb-infobox-image-valign-top uagb-infobox-enable-border-radius \"><div class=\"uagb-ifb-left-right-wrap\"><div class=\"uagb-ifb-content\"><div class=\"uagb-ifb-title-wrap\"><h3 class=\"uagb-ifb-title\"><strong>RANDONN\u00c9E <\/strong>MONTAGNE&nbsp;<br><\/h3><\/div><div class=\"uagb-ifb-separator-parent\"><div class=\"uagb-ifb-separator\"><\/div><\/div><div class=\"uagb-ifb-text-wrap\"><p class=\"uagb-ifb-desc\"> <a href=\"https:\/\/www.retraitesportivesaves.fr\/wp-content\/uploads\/2026\/03\/CRSS-RM-2026_2.pdf\" target=\"_blank\" rel=\"noreferrer noopener\">Le planning <strong>ICI<\/strong><\/a><br><br><\/p><\/div><\/div><\/div><\/div><\/div>\n<\/div><\/section>\n<\/div>\n\n\n\n<div class=\"wp-block-column is-layout-flow wp-block-column-is-layout-flow\" style=\"flex-basis:33%\">\n<div class=\"wp-block-group\"><div class=\"wp-block-group__inner-container is-layout-flow wp-block-group-is-layout-flow\">\n<p class=\"has-background\" style=\"background-color:#d0f899\"><strong>LE CLUB DANS LA PRESSE LOCALE<\/strong> <\/p>\n\n\n\n<p class=\"has-background\" style=\"background-color:#d0f899\"><a href=\"https:\/\/www.retraitesportivesaves.fr\/wp-content\/uploads\/2025\/10\/BM-automne-2025.png\" target=\"_blank\" rel=\"noreferrer noopener\"><strong>Lire<\/strong><\/a> Le bulletin municipal de 10\/2025<br><a href=\"https:\/\/www.retraitesportivesaves.fr\/wp-content\/uploads\/2025\/10\/LA-DEPECHE-30092025.png\" target=\"_blank\" rel=\"noreferrer noopener\"><strong>Lire<\/strong><\/a> La D\u00e9p\u00eache du Midi du 30\/09\/25<br><a href=\"https:\/\/www.retraitesportivesaves.fr\/wp-content\/uploads\/2025\/07\/DEPECHE-01072025.png\" target=\"_blank\" rel=\"noreferrer noopener\"><strong>Lire<\/strong><\/a> La D\u00e9p\u00eache du Midi du 01\/07\/25<br><strong><a href=\"https:\/\/www.retraitesportivesaves.fr\/wp-content\/uploads\/2025\/02\/Screenshot_20250214_091058_edit_278208812720953.jpg\" target=\"_blank\" rel=\"noreferrer noopener\">Lire<\/a> <\/strong>La D\u00e9p\u00eache du Midi du 14\/02\/25<br><strong><a href=\"https:\/\/www.retraitesportivesaves.fr\/wp-content\/uploads\/2024\/07\/IMG_20240708_100715_edit_189898295913287.jpg\">L<\/a><a href=\"https:\/\/www.retraitesportivesaves.fr\/wp-content\/uploads\/2024\/07\/IMG_20240708_100715_edit_189898295913287.jpg\" target=\"_blank\" rel=\"noreferrer noopener\">i<\/a><a href=\"https:\/\/www.retraitesportivesaves.fr\/wp-content\/uploads\/2024\/07\/IMG_20240708_100715_edit_189898295913287.jpg\">re<\/a> <\/strong>La D\u00e9p\u00eache du Midi du 08\/07\/24<br><strong><a href=\"https:\/\/www.retraitesportivesaves.fr\/wp-content\/uploads\/2023\/09\/20230914_135208-scaled.jpg\">Lire<\/a><\/strong> Le bulletin municipal de 09\/2023<br><strong><a aria-label=\"Lire (s\u2019ouvre dans un nouvel onglet)\" href=\"https:\/\/www.ladepeche.fr\/2023\/04\/04\/retraite-sportive-du-saves-du-sport-mais-pas-que-11110445.php\" target=\"_blank\" rel=\"noreferrer noopener\">Lire<\/a><\/strong> La D\u00e9p\u00eache du Midi du 04\/04\/23<br><a href=\"https:\/\/www.ladepeche.fr\/2022\/09\/24\/les-activites-de-la-retraite-sportive-a-samatan-10609560.php\" target=\"_blank\" rel=\"noreferrer noopener\"><strong>Lire<\/strong><\/a> La D\u00e9p\u00eache du Midi du 24\/09\/22<br><a href=\"https:\/\/www.retraitesportivesaves.fr\/wp-content\/uploads\/2022\/09\/BM-092022-rotated.jpg\" target=\"_blank\" rel=\"noreferrer noopener\"><strong>Lire<\/strong><\/a> Le bulletin municipal de 09\/2022<br><a href=\"https:\/\/www.ladepeche.fr\/2022\/06\/30\/la-retraite-sportive-va-toujours-bon-train-10405776.php\" target=\"_blank\" rel=\"noreferrer noopener\"><strong>Lire<\/strong><\/a> La D\u00e9p\u00eache du Midi du 30\/06\/22<br><a href=\"https:\/\/www.ladepeche.fr\/2022\/01\/18\/un-100e-adherent-a-la-retraite-sportive-10052560.php\" target=\"_blank\" rel=\"noreferrer noopener\"><strong>Lire<\/strong><\/a> La D\u00e9p\u00eache du Midi du 18\/01\/22<br><a href=\"https:\/\/www.ladepeche.fr\/2021\/09\/27\/retraite-sportive-la-reprise-se-fait-en-bonne-marche-9815646.php\" target=\"_blank\" rel=\"noreferrer noopener\"><strong>Lire<\/strong><\/a> La D\u00e9p\u00eache du Midi du 27\/09\/21<br><a href=\"https:\/\/www.ladepeche.fr\/2021\/09\/08\/une-retraite-sportive-bien-active-9775936.php\" target=\"_blank\" rel=\"noreferrer noopener\"><strong>Lire<\/strong><\/a> La D\u00e9p\u00eache du Midi du 08\/09\/21<br><a href=\"https:\/\/www.ladepeche.fr\/2021\/07\/06\/club-de-la-retraite-sportive-du-saves-des-adherents-actifs-9653627.php\" target=\"_blank\" rel=\"noreferrer noopener\"><strong>Lire<\/strong><\/a> La D\u00e9p\u00eache du Midi du 06\/07\/21<\/p>\n<\/div><\/div>\n<\/div>\n<\/div>\n\n\n\n<p><\/p>\n\n\n\n<div class=\"wp-block-columns has-3-columns is-layout-flex wp-container-core-columns-is-layout-3 wp-block-columns-is-layout-flex\">\n<div class=\"wp-block-column is-layout-flow wp-block-column-is-layout-flow\" style=\"flex-basis:100%\">\n<section class=\"wp-block-uagb-section uagb-section__wrap uagb-section__background-image uagb-block-ae3ff1c3 bring-to-top\"><div class=\"uagb-section__overlay\"><\/div><div class=\"uagb-section__inner-wrap\">\n<div class=\"wp-block-uagb-info-box uagb-infobox__outer-wrap uagb-block-1a1b98ad\"><div class=\"uagb-infobox__content-wrap uagb-infobox uagb-infobox-has-image uagb-infobox-icon-above-title uagb-infobox-image-valign-top uagb-infobox-enable-border-radius \"><div class=\"uagb-ifb-left-right-wrap\"><div class=\"uagb-ifb-content\"><div class=\"uagb-ifb-title-wrap\"><h3 class=\"uagb-ifb-title\">CONTRAT D&rsquo;ENGAGEMENT R\u00c9PUBLICAIN<strong> <\/strong>\u200b <\/h3><\/div><div class=\"uagb-ifb-separator-parent\"><div class=\"uagb-ifb-separator\"><\/div><\/div><div class=\"uagb-ifb-text-wrap\"><p class=\"uagb-ifb-desc\">Conform\u00e9ment au d\u00e9cret du 31\/12\/2021, le club a souscrit le 30\/11\/2022 au Contrat d&rsquo;Engagement R\u00e9publicain. Il s&rsquo;engage \u00e0 veiller que tous ses membres respectent les 7 engagements de la R\u00e9publique. En cons\u00e9quence, l&rsquo;article 2 du  R\u00e8glement Int\u00e9rieur a \u00e9t\u00e9 modifi\u00e9.<br><a rel=\"noreferrer noopener\" aria-label=\"contrat (s\u2019ouvre dans un nouvel onglet)\" href=\"https:\/\/www.retraitesportivesaves.fr\/wp-content\/uploads\/2022\/11\/CONTRAT-REPUBLICAIN.pdf\" target=\"_blank\">contrat<\/a><\/p><\/div><\/div><\/div><\/div><\/div>\n<\/div><\/section>\n\n\n\n<p><br><\/p>\n<\/div>\n<\/div>\n<\/div><\/section>\n","protected":false},"excerpt":{"rendered":"","protected":false},"author":1,"featured_media":0,"parent":0,"menu_order":0,"comment_status":"closed","ping_status":"closed","template":"","meta":{"_monsterinsights_skip_tracking":false,"_monsterinsights_sitenote_active":false,"_monsterinsights_sitenote_note":"","_monsterinsights_sitenote_category":0,"footnotes":""},"uagb_featured_image_src":{"full":false,"thumbnail":false,"medium":false,"medium_large":false,"large":false,"1536x1536":false,"2048x2048":false},"uagb_author_info":{"display_name":"admin9078","author_link":"https:\/\/www.retraitesportivesaves.fr\/index.php\/author\/admin9078\/"},"uagb_comment_info":0,"uagb_excerpt":null,"_links":{"self":[{"href":"https:\/\/www.retraitesportivesaves.fr\/index.php\/wp-json\/wp\/v2\/pages\/25258"}],"collection":[{"href":"https:\/\/www.retraitesportivesaves.fr\/index.php\/wp-json\/wp\/v2\/pages"}],"about":[{"href":"https:\/\/www.retraitesportivesaves.fr\/index.php\/wp-json\/wp\/v2\/types\/page"}],"author":[{"embeddable":true,"href":"https:\/\/www.retraitesportivesaves.fr\/index.php\/wp-json\/wp\/v2\/users\/1"}],"replies":[{"embeddable":true,"href":"https:\/\/www.retraitesportivesaves.fr\/index.php\/wp-json\/wp\/v2\/comments?post=25258"}],"version-history":[{"count":2226,"href":"https:\/\/www.retraitesportivesaves.fr\/index.php\/wp-json\/wp\/v2\/pages\/25258\/revisions"}],"predecessor-version":[{"id":33603,"href":"https:\/\/www.retraitesportivesaves.fr\/index.php\/wp-json\/wp\/v2\/pages\/25258\/revisions\/33603"}],"wp:attachment":[{"href":"https:\/\/www.retraitesportivesaves.fr\/index.php\/wp-json\/wp\/v2\/media?parent=25258"}],"curies":[{"name":"wp","href":"https:\/\/api.w.org\/{rel}","templated":true}]}}