{"id":25437,"date":"2020-02-24T17:23:59","date_gmt":"2020-02-24T16:23:59","guid":{"rendered":"http:\/\/tzzetjt.cluster026.hosting.ovh.net\/?page_id=25437"},"modified":"2026-01-05T18:01:43","modified_gmt":"2026-01-05T17:01:43","slug":"documentation","status":"publish","type":"page","link":"https:\/\/www.retraitesportivesaves.fr\/index.php\/documentation\/","title":{"rendered":"Documentation"},"content":{"rendered":"\n<div class=\"wp-block-group\"><div class=\"wp-block-group__inner-container is-layout-flow wp-block-group-is-layout-flow\"><div class=\"wp-block-image is-resized\">\n<figure class=\"alignright size-large\"><img loading=\"lazy\" decoding=\"async\" width=\"590\" height=\"379\" src=\"http:\/\/www.retraitesportivesaves.fr\/wp-content\/uploads\/2020\/04\/Livres.png\" alt=\"\" class=\"wp-image-27082\" style=\"width:157px;height:auto\" srcset=\"https:\/\/www.retraitesportivesaves.fr\/wp-content\/uploads\/2020\/04\/Livres.png 590w, https:\/\/www.retraitesportivesaves.fr\/wp-content\/uploads\/2020\/04\/Livres-300x193.png 300w\" sizes=\"(max-width: 590px) 100vw, 590px\" \/><\/figure><\/div><\/div><\/div>\n\n\n\n<p><strong>DOCUMENTATION R\u00c8GLEMENTAIRE<br><\/strong><br>Vous trouverez ci-dessous les textes qui organisent, encadrent et r\u00e9gissent le bon fonctionnement du&nbsp;club.&nbsp;<\/p>\n\n\n\n<p>\u25ba les\u00a0<strong><a aria-label=\"statuts (s\u2019ouvre dans un nouvel onglet)\" href=\"https:\/\/www.retraitesportivesaves.fr\/wp-content\/uploads\/2021\/06\/STATUTS-V3-du-24062021.pdf\" target=\"_blank\" rel=\"noreferrer noopener\">statuts<\/a><\/strong>\u00a0du 24\/06\/2021<br>\u25ba le\u00a0<strong><a href=\"https:\/\/www.retraitesportivesaves.fr\/wp-content\/uploads\/2025\/04\/REGLEMENT-INTERIEUR-V2022.pdf\" target=\"_blank\" rel=\"noreferrer noopener\">r\u00e8glement int\u00e9rieur<\/a><\/strong>\u00a0du 30\/11\/2022<br>\u25ba le <a href=\"https:\/\/www.retraitesportivesaves.fr\/wp-content\/uploads\/2026\/01\/Engagement-Republicain-janvier2026.pdf\" target=\"_blank\" rel=\"noreferrer noopener\">contrat d&rsquo;engagement r\u00e9publicain<\/a> du 05\/01\/2026<\/p>\n\n\n\n<p>&nbsp;<\/p>\n\n\n\n<p>\u25ba le <strong><a href=\"https:\/\/www.retraitesportivesaves.fr\/wp-content\/uploads\/2025\/06\/PV-AGO-du-19062025.pdf\" target=\"_blank\" rel=\"noreferrer noopener\">proc\u00e8s verbal<\/a><\/strong><a aria-label=\"proc\u00e8s verbal  (s\u2019ouvre dans un nouvel onglet)\" href=\"https:\/\/www.retraitesportivesaves.fr\/wp-content\/uploads\/2020\/02\/PV-AGO-du-27062019.pdf\" target=\"_blank\" rel=\"noreferrer noopener\"><strong> <\/strong><\/a>de notre derni\u00e8re Assembl\u00e9e G\u00e9n\u00e9rale Ordinaire du 19\/06\/2025<br>\u25ba le&nbsp;<strong><a aria-label=\"proc\u00e8s verbal (s\u2019ouvre dans un nouvel onglet)\" href=\"https:\/\/www.retraitesportivesaves.fr\/wp-content\/uploads\/2021\/06\/PV-AGE-du-24062021.pdf\" target=\"_blank\" rel=\"noreferrer noopener\">proc\u00e8s verbal<\/a><\/strong> de notre derni\u00e8re Assembl\u00e9e G\u00e9n\u00e9rale Extraordinaire du 24\/06\/2021&nbsp;<\/p>\n\n\n\n<p>La cr\u00e9ation du club est parue au Journal Officiel n\u00b0 42 du 15\/10\/2016 (association n\u00b0 W321003074)<\/p>\n\n\n\n<p>Le club est b\u00e9n\u00e9ficiaire depuis le 30\/10\/2019 de l&rsquo;immatriculation tourisme de la FFRS sous le N\u00b0<strong>&nbsp;IM038120032<\/strong><\/p>\n\n\n\n<div class=\"wp-block-group\"><div class=\"wp-block-group__inner-container is-layout-flow wp-block-group-is-layout-flow\">\n<p><\/p>\n\n\n\n<p><strong><br><\/strong><\/p>\n<\/div><\/div>\n","protected":false},"excerpt":{"rendered":"<p>DOCUMENTATION R\u00c8GLEMENTAIREVous trouverez ci-dessous les textes qui organisent, encadrent et r\u00e9gissent le bon fonctionnement du&nbsp;club.&nbsp; \u25ba les\u00a0statuts\u00a0du 24\/06\/2021\u25ba le\u00a0r\u00e8glement int\u00e9rieur\u00a0du 30\/11\/2022\u25ba le contrat d&rsquo;engagement r\u00e9publicain du 05\/01\/2026 &nbsp; \u25ba le proc\u00e8s verbal de notre derni\u00e8re Assembl\u00e9e G\u00e9n\u00e9rale Ordinaire du 19\/06\/2025\u25ba le&nbsp;proc\u00e8s verbal de notre derni\u00e8re Assembl\u00e9e G\u00e9n\u00e9rale Extraordinaire du 24\/06\/2021&nbsp; La cr\u00e9ation du club est &hellip;<\/p>\n<p class=\"read-more\"> <a class=\"\" href=\"https:\/\/www.retraitesportivesaves.fr\/index.php\/documentation\/\"> <span class=\"screen-reader-text\">Documentation<\/span> Lire la suite\u00a0\u00bb<\/a><\/p>\n","protected":false},"author":1,"featured_media":0,"parent":0,"menu_order":0,"comment_status":"closed","ping_status":"closed","template":"","meta":{"_monsterinsights_skip_tracking":false,"_monsterinsights_sitenote_active":false,"_monsterinsights_sitenote_note":"","_monsterinsights_sitenote_category":0,"footnotes":""},"uagb_featured_image_src":{"full":false,"thumbnail":false,"medium":false,"medium_large":false,"large":false,"1536x1536":false,"2048x2048":false},"uagb_author_info":{"display_name":"admin9078","author_link":"https:\/\/www.retraitesportivesaves.fr\/index.php\/author\/admin9078\/"},"uagb_comment_info":0,"uagb_excerpt":"DOCUMENTATION R\u00c8GLEMENTAIREVous trouverez ci-dessous les textes qui organisent, encadrent et r\u00e9gissent le bon fonctionnement du&nbsp;club.&nbsp; \u25ba les\u00a0statuts\u00a0du 24\/06\/2021\u25ba le\u00a0r\u00e8glement int\u00e9rieur\u00a0du 30\/11\/2022\u25ba le contrat d&rsquo;engagement r\u00e9publicain du 05\/01\/2026 &nbsp; \u25ba le proc\u00e8s verbal de notre derni\u00e8re Assembl\u00e9e G\u00e9n\u00e9rale Ordinaire du 19\/06\/2025\u25ba le&nbsp;proc\u00e8s verbal de notre derni\u00e8re Assembl\u00e9e G\u00e9n\u00e9rale Extraordinaire du 24\/06\/2021&nbsp; La cr\u00e9ation du club est\u2026","_links":{"self":[{"href":"https:\/\/www.retraitesportivesaves.fr\/index.php\/wp-json\/wp\/v2\/pages\/25437"}],"collection":[{"href":"https:\/\/www.retraitesportivesaves.fr\/index.php\/wp-json\/wp\/v2\/pages"}],"about":[{"href":"https:\/\/www.retraitesportivesaves.fr\/index.php\/wp-json\/wp\/v2\/types\/page"}],"author":[{"embeddable":true,"href":"https:\/\/www.retraitesportivesaves.fr\/index.php\/wp-json\/wp\/v2\/users\/1"}],"replies":[{"embeddable":true,"href":"https:\/\/www.retraitesportivesaves.fr\/index.php\/wp-json\/wp\/v2\/comments?post=25437"}],"version-history":[{"count":56,"href":"https:\/\/www.retraitesportivesaves.fr\/index.php\/wp-json\/wp\/v2\/pages\/25437\/revisions"}],"predecessor-version":[{"id":33279,"href":"https:\/\/www.retraitesportivesaves.fr\/index.php\/wp-json\/wp\/v2\/pages\/25437\/revisions\/33279"}],"wp:attachment":[{"href":"https:\/\/www.retraitesportivesaves.fr\/index.php\/wp-json\/wp\/v2\/media?parent=25437"}],"curies":[{"name":"wp","href":"https:\/\/api.w.org\/{rel}","templated":true}]}}